{"id":319,"date":"2021-02-13T19:02:14","date_gmt":"2021-02-13T19:02:14","guid":{"rendered":"https:\/\/benitonazar.edu.ar\/?page_id=319"},"modified":"2024-07-12T13:05:18","modified_gmt":"2024-07-12T16:05:18","slug":"informacion-nivel-primario","status":"publish","type":"page","link":"https:\/\/benitonazar.edu.ar\/?page_id=319","title":{"rendered":"Informaci\u00f3n Primario"},"content":{"rendered":"<p>[vc_row css=&#8221;.vc_custom_1487250199380{margin-bottom: 35px !important;}&#8221;][vc_column css=&#8221;.vc_custom_1490018662966{margin-bottom: 0px !important;}&#8221;][vc_custom_heading text=&#8221;Nivel Primario&#8221; font_container=&#8221;tag:h1|text_align:left&#8221; use_theme_fonts=&#8221;yes&#8221; css=&#8221;.vc_custom_1613243295774{margin-top: 0px !important;margin-bottom: 20px !important;}&#8221;][vc_custom_heading text=&#8221;De 1\u00ba a 7\u00ba grado el colegio ofrece la modalidad de: &#8220;ESCUELA DE JORNADA COMPLETA CON INTENSIFICACI\u00d3N EN IDIOMA INGL\u00c9S&#8220;&#8221; font_container=&#8221;tag:h4|text_align:left&#8221; use_theme_fonts=&#8221;yes&#8221;][\/vc_column][\/vc_row][vc_row][vc_column width=&#8221;7\/12&#8243; css=&#8221;.vc_custom_1619379417498{margin-bottom: 0px !important;}&#8221;][vc_column_text css=&#8221;.vc_custom_1619380163494{padding-right: 20px !important;}&#8221;]<\/p>\n<div style=\"text-align: justify;\">\n<h4>Prop\u00f3sitos y formas de abordar los aprendizajes<\/h4>\n<p><span style=\"font-weight: 400;\">Impartimos educaci\u00f3n de 1\u00ba a 7\u00ba grado, mixta, con orientaci\u00f3n cat\u00f3lica, gui\u00e1ndonos hacia los siguientes objetivos:<\/span><\/p>\n<ul>\n<li>Ofrecer una educaci\u00f3n integral, enriquecida por la fe, en un camino de comuni\u00f3n y esperanza.<\/li>\n<li>Proponer durante toda la trayectoria escolar los valores cristianos, mirando a cada ni\u00f1o desde sus particularidades, sinti\u00e9ndonos capaces de brindar una acogida incondicional y acompa\u00f1amiento.<\/li>\n<li>Promover h\u00e1bitos de trabajo individual y de equipo, de esfuerzo responsable en el estudio, as\u00ed como actitudes de confianza en s\u00ed mismo y en sus posibilidades, sentido cr\u00edtico e iniciativa personal.<\/li>\n<li>Generar espacios que vinculen el aprendizaje con la dimensi\u00f3n emocional.<\/li>\n<li>Promover la creatividad, estimular la confianza en s\u00ed mismo y en sus capacidades, aprendiendo a captar la realidad del mundo que lo rodea, permiti\u00e9ndole comunicar a los dem\u00e1s su riqueza personal que se convertir\u00e1 en su aporte a la sociedad.<\/li>\n<li>Estimular el protagonismo y la toma de conciencia en su formaci\u00f3n como persona individual y como integrante de una comunidad<\/li>\n<\/ul>\n<\/div>\n<p>[\/vc_column_text][\/vc_column][vc_column width=&#8221;5\/12&#8243;][vc_single_image image=&#8221;1003&#8243; img_size=&#8221;full&#8221; style=&#8221;vc_box_border&#8221; border_color=&#8221;blue&#8221; onclick=&#8221;link_image&#8221; css_animation=&#8221;fadeIn&#8221;][\/vc_column][\/vc_row][vc_row][vc_column width=&#8221;7\/12&#8243; css=&#8221;.vc_custom_1619379438936{margin-bottom: 0px !important;}&#8221;][vc_column_text css=&#8221;.vc_custom_1679407384690{padding-right: 20px !important;}&#8221;]<\/p>\n<div style=\"text-align: justify;\">\n<h4>Horarios<\/h4>\n<ul>\n<li>8:00 h. Entrada<\/li>\n<li>12:30h. Se brinda el servicio de COMEDOR OPTATIVO<\/li>\n<li>13:45h. Sigue la actividad escolar<\/li>\n<li>16:00 h. Fin de la actividad acad\u00e9mica<\/li>\n<\/ul>\n<\/div>\n<p>[\/vc_column_text][\/vc_column][vc_column width=&#8221;5\/12&#8243;][\/vc_column][\/vc_row][vc_row][vc_column width=&#8221;7\/12&#8243; css=&#8221;.vc_custom_1619379457570{margin-bottom: 0px !important;}&#8221;][vc_column_text css=&#8221;.vc_custom_1622840171428{padding-right: 20px !important;}&#8221;]<\/p>\n<div style=\"text-align: justify;\">\n<h4>\u00c1reas de trabajo<\/h4>\n<p><strong>1\u00b0 Ciclo<\/strong><br \/>\n<span style=\"font-weight: 400;\">Pr\u00e1cticas del Lenguaje &#8211; Matem\u00e1tica \u2013 Conocimiento del mundo &#8211; M\u00fasica &#8211; Pl\u00e1stica &#8211; Tecnolog\u00eda &#8211; Educaci\u00f3n F\u00edsica &#8211; Ingl\u00e9s &#8211; Computaci\u00f3n &#8211; Catequesis<\/span><span style=\"font-weight: 400;\"><br \/>\n<\/span><span style=\"font-weight: 400;\">Excursiones &#8211; Visitas Guiadas <\/span><\/p>\n<p><strong>2\u00b0 ciclo y 7\u00b0grado<\/strong><\/p>\n<p><span style=\"font-weight: 400;\">Pr\u00e1cticas del Lenguaje &#8211; Matem\u00e1tica &#8211; Ciencias Sociales &#8211; Ciencias Naturales &#8211; M\u00fasica &#8211; Pl\u00e1stica &#8211; Tecnolog\u00eda &#8211; Educaci\u00f3n F\u00edsica &#8211; Ingl\u00e9s &#8211; Computaci\u00f3n &#8211; Catequesis<\/span><\/p>\n<p><span style=\"font-weight: 400;\">Excursiones &#8211; Visitas Guiadas <\/span><\/p>\n<\/div>\n<p>[\/vc_column_text][\/vc_column][vc_column width=&#8221;5\/12&#8243;][vc_single_image image=&#8221;1004&#8243; img_size=&#8221;full&#8221; style=&#8221;vc_box_border&#8221; border_color=&#8221;orange&#8221; onclick=&#8221;link_image&#8221; css_animation=&#8221;fadeIn&#8221;][\/vc_column][\/vc_row][vc_row][vc_column width=&#8221;7\/12&#8243; css=&#8221;.vc_custom_1619379474079{margin-bottom: 0px !important;}&#8221;][vc_column_text css=&#8221;.vc_custom_1619380267828{padding-right: 20px !important;}&#8221;]<\/p>\n<div style=\"text-align: justify;\">\n<h4>Equipo de orientaci\u00f3n escolar<\/h4>\n<p><span style=\"font-weight: 400;\">El equipo de orientaci\u00f3n escolar (EOE)\u00a0tiene como prop\u00f3sito fundamental intervenir, acompa\u00f1ar y secundar las m\u00faltiples formas de superar la experiencia escolar. Dirigiendo la acci\u00f3n a la creaci\u00f3n, promoci\u00f3n y supervisi\u00f3n de las condiciones adecuadas: pedag\u00f3gica, psicol\u00f3gica o social, que garanticen el sostenimiento de la trayectoria escolar integral.\u00a0<\/span><\/p>\n<p>Por ello:<\/p>\n<ul>\n<li>Prevenir, detectar y orientar diversas situaciones: cognitivas, psicoafectivas o sociales que puedan obstaculizar el proceso de aprendizaje o de adaptaci\u00f3n escolar del alumno.<\/li>\n<li>Trabajar cooperativamente y en red con: docente titular, de apoyo, directivos y coordinadores a fin de pensar, dise\u00f1ar e implementar estrategias espec\u00edficas, individuales o grupales, que promuevan el proceso de aprendizaje saludable y fortalezcan y ampl\u00eden sus posibilidades y capacidades.<\/li>\n<li>Encaminar el proceso de exploraci\u00f3n y seguimiento pedag\u00f3gico sistem\u00e1tico y asistem\u00e1tico dentro o fuera del aula.<\/li>\n<li>Participar junto a los equipos directivo y docente en el proyecto de integraci\u00f3n escolar como estrategia did\u00e1ctica que promueva la inclusi\u00f3n educativa con barreras para el aprendizaje o la participaci\u00f3n.<br \/>\nReunir a padres o encargados legales del alumno con el fin de informar y ofrecer la orientaci\u00f3n espec\u00edfica que posibilite el mejor desarrollo de la trayectoria escolar.<\/li>\n<li>Intervenir en entrevistas de admisi\u00f3n de alumnos a primer grado a trav\u00e9s de la administraci\u00f3n de protocolos de evaluaci\u00f3n que permiten mayor informaci\u00f3n sobre la actitud general, el proceso de construcci\u00f3n de la lectoescritura, el c\u00e1lculo y el nivel de representaci\u00f3n gr\u00e1fica.<\/li>\n<li>Organizar y coordinar reuniones, talleres o charlas con docentes, padres o alumnos, orientando a tem\u00e1ticas de inter\u00e9s seg\u00fan sea la etapa evolutiva o problem\u00e1tica emergente.<\/li>\n<li>Fomentar y propiciar el intercambio interdisciplinario con profesionales y especialistas que diagnostican, acompa\u00f1an, atienden o tratan al alumno en consultorio externo al colegio.<\/li>\n<\/ul>\n<\/div>\n<p>[\/vc_column_text][\/vc_column][vc_column width=&#8221;5\/12&#8243;][vc_single_image image=&#8221;1006&#8243; img_size=&#8221;full&#8221; style=&#8221;vc_box_border&#8221; border_color=&#8221;blue&#8221; onclick=&#8221;link_image&#8221; css_animation=&#8221;fadeIn&#8221;][\/vc_column][\/vc_row][vc_row][vc_column width=&#8221;7\/12&#8243; css=&#8221;.vc_custom_1619379493318{margin-bottom: 0px !important;}&#8221;][vc_column_text css=&#8221;.vc_custom_1711053856569{padding-right: 20px !important;}&#8221;]<\/p>\n<div style=\"text-align: justify;\">\n<h4>Talleres optativos<\/h4>\n<ul>\n<li>Escuela de Ingl\u00e9s<\/li>\n<li>B\u00e1squet<\/li>\n<li>Hockey<\/li>\n<li>Iniciaci\u00f3n deportiva<\/li>\n<li>F\u00fatbol<\/li>\n<li>Iniciaci\u00f3n musical<\/li>\n<\/ul>\n<\/div>\n<p>[\/vc_column_text][\/vc_column][vc_column width=&#8221;5\/12&#8243;][vc_single_image image=&#8221;1002&#8243; img_size=&#8221;full&#8221; style=&#8221;vc_box_border&#8221; border_color=&#8221;blue&#8221; onclick=&#8221;link_image&#8221; css_animation=&#8221;fadeIn&#8221;][\/vc_column][\/vc_row][vc_row][vc_column width=&#8221;7\/12&#8243; css=&#8221;.vc_custom_1619379507064{margin-bottom: 0px !important;}&#8221;][vc_column_text css=&#8221;.vc_custom_1720800311046{padding-right: 20px !important;}&#8221;]<\/p>\n<div style=\"text-align: justify;\">\n<h4>Uniforme<\/h4>\n<p><strong>CLASE:<\/strong><\/p>\n<ul>\n<li>Camisa blanca con escudo bordado &#8211; Corbata azul con escudo bordado<\/li>\n<li>Pantal\u00f3n gris (varones)<\/li>\n<li>Pollera escocesa kilt (nenas)<\/li>\n<li>Pullover azul escote en V.<\/li>\n<li>Medias azules \u00be &#8211; Zapatos negros<\/li>\n<li>Campera azul (marino) con escudo bordado.<\/li>\n<\/ul>\n<p><strong>Para verano<\/strong><\/p>\n<ul>\n<li>Camisa (manga corta) blanca con escudo bordado sin corbata.<\/li>\n<\/ul>\n<p><strong>EDUCACI\u00d3N F\u00cdSICA:<\/strong><\/p>\n<ul>\n<li>Remera blanca con escudo bordado<\/li>\n<li>Conjunto deportivo (pantal\u00f3n-campera) con escudo bordado en la campera.<\/li>\n<li>Buzo azul marino con escudo bordado<\/li>\n<li>Medias blancas<\/li>\n<\/ul>\n<p><strong>Para verano<\/strong><\/p>\n<ul>\n<li>Pantal\u00f3n corto azul<\/li>\n<\/ul>\n<p><strong>Casas de uniformes autorizadas por el Colegio<\/strong><\/p>\n<ul>\n<li>L y J &#8211; Av. Corrientes 2373 4861-4367<\/li>\n<li>INDOSKA: Av. D\u00edaz Velez 4165 &#8211; 4981-5417<\/li>\n<\/ul>\n<\/div>\n<p>[\/vc_column_text][\/vc_column][vc_column width=&#8221;5\/12&#8243;][vc_single_image image=&#8221;1005&#8243; img_size=&#8221;full&#8221; style=&#8221;vc_box_border&#8221; border_color=&#8221;orange&#8221; onclick=&#8221;link_image&#8221; css_animation=&#8221;fadeIn&#8221;][\/vc_column][\/vc_row][vc_row][vc_column css=&#8221;.vc_custom_1613316739296{margin-bottom: 0px !important;}&#8221;][vc_column_text css=&#8221;.vc_custom_1619380339982{padding-right: 20px !important;}&#8221;]<\/p>\n<div style=\"text-align: justify;\">\n<h4>Comedor<\/h4>\n<p><span style=\"font-weight: 400;\">La familia puede optar por el servicio de comedor (todos los alimentos se elaboran en el colegio), vianda\u00a0 o retirar al alumno a almorzar en forma particular y que regrese al turno tarde.<\/span><\/p>\n<\/div>\n<p>[\/vc_column_text][\/vc_column][\/vc_row][vc_row][vc_column css=&#8221;.vc_custom_1613316730503{margin-bottom: 0px !important;}&#8221;][vc_column_text css=&#8221;.vc_custom_1619380361743{padding-right: 20px !important;}&#8221;]<\/p>\n<div style=\"text-align: justify;\">\n<h4>Transporte escolar<\/h4>\n<p><span style=\"font-weight: 400;\">El servicio de transporte escolar es externo y no tiene relaci\u00f3n de dependencia con el Establecimiento. Los interesados deber\u00e1n tratar directamente con los responsables de este.<\/span><\/p>\n<\/div>\n<p>[\/vc_column_text][\/vc_column][\/vc_row][vc_row][vc_column css=&#8221;.vc_custom_1613316722966{margin-bottom: 0px !important;}&#8221;][vc_column_text css=&#8221;.vc_custom_1619380385123{padding-right: 20px !important;}&#8221;]<\/p>\n<div style=\"text-align: justify;\">\n<h4>R\u00e9gimen arancelario<\/h4>\n<p><span style=\"font-weight: 400;\">El r\u00e9gimen arancelario est\u00e1 compuesto por 1 (una) MATR\u00cdCULA anual + 9 (nueve) cuotas mensuales (<\/span><i><span style=\"font-weight: 400;\">de marzo a noviembre<\/span><\/i><span style=\"font-weight: 400;\">).<\/span><\/p>\n<\/div>\n<p>[\/vc_column_text][\/vc_column][\/vc_row][vc_row][vc_column css=&#8221;.vc_custom_1613316712742{margin-bottom: 0px !important;}&#8221;][vc_column_text css=&#8221;.vc_custom_1619380411568{padding-right: 20px !important;}&#8221;]<\/p>\n<h4>Ingresos &#8211; Alumnos nuevos<\/h4>\n<p>Entrevista previa en el Establecimiento.<\/p>\n<p><strong>Ingresantes para 1er. Grado:<\/strong><\/p>\n<ul>\n<li>Deben tener los 6 a\u00f1os cumplidos al 30 de junio.<\/li>\n<li>Presentar el informe de la Sala de 5 a\u00f1os.<\/li>\n<li>Entrevista de los Padres con la Direcci\u00f3n del Establecimiento.<\/li>\n<li>El ingresante deber\u00e1 realizar una entrevista con el Equipo de Orientaci\u00f3n Escolar<\/li>\n<\/ul>\n<p><strong>Ingresantes de 2\u00ba a 7\u00ba grado<\/strong><\/p>\n<ul>\n<li>Entrevista de los Padres con la Direcci\u00f3n del Establecimiento presentando carpetas o cuadernos del a\u00f1o en curso, fotocopia del bolet\u00edn e informe (por el docente) del ingresante.<\/li>\n<li>El ingresante rendir\u00e1 un examen de Matem\u00e1tica y Lengua en fecha a confirmar.<\/li>\n<\/ul>\n<p>[\/vc_column_text][\/vc_column][\/vc_row][vc_row][vc_column css=&#8221;.vc_custom_1613316696516{margin-bottom: 0px !important;}&#8221;][vc_column_text css=&#8221;.vc_custom_1712355195295{padding-right: 20px !important;}&#8221;]<\/p>\n<h4>Proyectos<\/h4>\n<ul>\n<li>L\u00f3gica<\/li>\n<li>Lector<\/li>\n<li>Ortograf\u00eda<\/li>\n<li>Educaci\u00f3n sexual integral<\/li>\n<\/ul>\n<p>[\/vc_column_text][\/vc_column][\/vc_row][vc_row][vc_column css=&#8221;.vc_custom_1613242245658{margin-bottom: 0px !important;}&#8221;][vc_column_text css=&#8221;.vc_custom_1625169964423{padding-right: 20px !important;}&#8221;]<\/p>\n<h4>Contacto<\/h4>\n<ul>\n<li>Personalmente en la secretar\u00eda Primaria (lunes a viernes de 8:00 a 10:00 hs)<\/li>\n<li>Por tel\u00e9fono al 4862-4993 (solicitar interno Secretar\u00eda Primaria)<\/li>\n<li>Por e-mail a la direcci\u00f3n: secretaria_pri@benitonazar.edu.ar<\/li>\n<\/ul>\n<p>[\/vc_column_text][\/vc_column][\/vc_row][vc_row][vc_column][vc_column_text css=&#8221;.vc_custom_1621914850098{padding-right: 20px !important;}&#8221;]<\/p>\n<h4>Galer\u00eda de fotos<\/h4>\n<p>[\/vc_column_text][vc_images_carousel images=&#8221;1014,1016,1015,1011,1009,1012,1008,1007,1010,1013&#8243; img_size=&#8221;large&#8221;][\/vc_column][\/vc_row]<\/p>\n","protected":false},"excerpt":{"rendered":"<p>[vc_row css=&#8221;.vc_custom_1487250199380{margin-bottom: 35px !important;}&#8221;][vc_column css=&#8221;.vc_custom_1490018662966{margin-bottom: 0px !important;}&#8221;][vc_custom_heading text=&#8221;Nivel Primario&#8221; font_container=&#8221;tag:h1|text_align:left&#8221; use_theme_fonts=&#8221;yes&#8221; css=&#8221;.vc_custom_1613243295774{margin-top: 0px !important;margin-bottom: 20px !important;}&#8221;][vc_custom_heading text=&#8221;De 1\u00ba a 7\u00ba&nbsp;<a href=\"https:\/\/benitonazar.edu.ar\/?page_id=319\">&hellip;<\/a><\/p>\n","protected":false},"author":1,"featured_media":0,"parent":0,"menu_order":1,"comment_status":"closed","ping_status":"closed","template":"template-sidebar-right-childpages.php","meta":{"footnotes":""},"class_list":["post-319","page","type-page","status-publish","hentry","odd"],"_links":{"self":[{"href":"https:\/\/benitonazar.edu.ar\/index.php?rest_route=\/wp\/v2\/pages\/319","targetHints":{"allow":["GET"]}}],"collection":[{"href":"https:\/\/benitonazar.edu.ar\/index.php?rest_route=\/wp\/v2\/pages"}],"about":[{"href":"https:\/\/benitonazar.edu.ar\/index.php?rest_route=\/wp\/v2\/types\/page"}],"author":[{"embeddable":true,"href":"https:\/\/benitonazar.edu.ar\/index.php?rest_route=\/wp\/v2\/users\/1"}],"replies":[{"embeddable":true,"href":"https:\/\/benitonazar.edu.ar\/index.php?rest_route=%2Fwp%2Fv2%2Fcomments&post=319"}],"version-history":[{"count":26,"href":"https:\/\/benitonazar.edu.ar\/index.php?rest_route=\/wp\/v2\/pages\/319\/revisions"}],"predecessor-version":[{"id":1083,"href":"https:\/\/benitonazar.edu.ar\/index.php?rest_route=\/wp\/v2\/pages\/319\/revisions\/1083"}],"wp:attachment":[{"href":"https:\/\/benitonazar.edu.ar\/index.php?rest_route=%2Fwp%2Fv2%2Fmedia&parent=319"}],"curies":[{"name":"wp","href":"https:\/\/api.w.org\/{rel}","templated":true}]}}